{"id":1574,"date":"2018-09-14T19:55:02","date_gmt":"2018-09-14T19:55:02","guid":{"rendered":"http:\/\/iemarcotobon.edu.co\/web\/?page_id=1574"},"modified":"2022-11-21T11:52:12","modified_gmt":"2022-11-21T11:52:12","slug":"procesos-academicos","status":"publish","type":"page","link":"https:\/\/iemarcotobon.edu.co\/web\/procesos-academicos\/","title":{"rendered":"Procesos acad\u00e9micos"},"content":{"rendered":"<ol>\n<li style=\"text-align: justify;\"><strong>Reforma al sistema institucional de evaluaci\u00f3n<\/strong> (<a href=\"http:\/\/iemarcotobon.edu.co\/web\/wp-content\/uploads\/2017\/02\/SIE09-02-2017.pdf\">2016<\/a>)\u00a0Se logr\u00f3 consolidar un documento que responde a las exigencias legales, adem\u00e1s se trabaj\u00f3 en la resignificaci\u00f3n del espacio denominado anteriormente como alerta acad\u00e9mica, ahora llamado alerta formativa con todas las implicaciones que esto tiene. Durante este proceso se trabaj\u00f3 de manera muy fuerte en la reflexi\u00f3n sobre el papel de la evaluaci\u00f3n.<\/li>\n<li style=\"text-align: justify;\"><strong>Semillero de filosof\u00eda (2017).<\/strong> Se logr\u00f3 conformar un equipo de trabajo con tres estudiantes de grado 11, con los cuales se llev\u00f3 ponencia al evento\u00a0V Foro de filosof\u00eda. El cuerpo: Dimensi\u00f3n er\u00f3tica del ser humano, el cual se realiz\u00f3 en guarne el 6 de octubre del 2017. La ponencia presentada llev\u00f3 por t\u00edtulo: cuerpo y erotismo, entre la filosof\u00eda y la teolog\u00eda. una mirada reconciliadora.<\/li>\n<li style=\"text-align: justify;\"><strong>Resignificaci\u00f3n del Servicio Social<\/strong> (2018): el servicio social obligatorio que debe ser prestado por los estudiantes est\u00e1 en proceso de ajuste, se pretende generar al interior de este un proceso de investigaci\u00f3n formativa, que le permitan al estudiante participar en la comprensi\u00f3n y transformaci\u00f3n del entorno bajo una \u00f3ptica de car\u00e1cter investigativo. Adem\u00e1s se trabaj\u00f3 en la definici\u00f3n del proceso y la estandarizaci\u00f3n de los formatos necesarios para documentar el mismo.<\/li>\n<li style=\"text-align: justify;\"><strong>Semillero de filosof\u00eda (2018).<\/strong> En este a\u00f1o recibimos nuevamente la invitaci\u00f3n para participar en el foro que se realizar\u00e1 en el municipio de Guarne, con el profesor Ferney Garc\u00eda se logr\u00f3 conformar un equipo de estudio. Acompa\u00f1amiento a los estudiantes en el proceso de investigaci\u00f3n y preparaci\u00f3n de la ponencia en el foro sobre El lugar de Dios en el pensamiento humano.<\/li>\n<li style=\"text-align: justify;\"><strong>Comisi\u00f3n de curr\u00edculo del Consejo Acad\u00e9mico (2018).<\/strong> Durante el a\u00f1o 2018, por iniciativa del se\u00f1or rector, se conformaron tres comisiones de trabajo al interior del consejo acad\u00e9mico. Hasta el momento he tenido la oportunidad de acompa\u00f1ar la comisi\u00f3n de curr\u00edculo y realizar un trabajo de reflexi\u00f3n sobre el modelo pedag\u00f3gico.<\/li>\n<li style=\"text-align: justify;\"><strong>Bachillerato digital<\/strong> (2017-2018): este es uno de los proyectos detonantes de la Gobernaci\u00f3n de Antioquia, se ha acompa\u00f1ado el proceso desde el comienzo del mismo a finales del a\u00f1o 2017. Hasta el momento se han atendido los siguientes grupos: Clei 3 &#8211; cohorte 2017. Clei 3 &#8211; Cohorte 2018. Clei 4 &#8211; cohorte 2018.<\/li>\n<li style=\"text-align: justify;\"><strong>Cursos de inform\u00e1tica Punto Vive Digital <\/strong>(2017)<strong>.<\/strong> Durante el a\u00f1o 2017 se ofreci\u00f3 a los estudiantes de grado 9\u00b0 curso de herramientas ofim\u00e1ticas.<\/li>\n<li><strong>Programa de formaci\u00f3n t\u00e9cnica con el SENA<\/strong> (2016-2018): el SENA ofrece programas t\u00e9cnicos, en contra jornada, a los estudiantes que comienzan grado 10\u00b0, hasta el momento se han tenido los siguientes grupos:\n<ul>\n<li>T\u00e9cnico en Asistencia Administrativa. 2016 &#8211; 2017<\/li>\n<li>T\u00e9cnico en recursos humanos. 2017 &#8211; 2018<\/li>\n<li>T\u00e9cnico en dise\u00f1o e integraci\u00f3n de multimedia. 2019 &#8211; 2020<\/li>\n<li>T\u00e9cnico en programaci\u00f3n de Software 2022 &#8211; 2023<\/li>\n<\/ul>\n<\/li>\n<li><strong>Programa de formaci\u00f3n t\u00e9cnica con la FUCN<\/strong> (2018): para el a\u00f1o 2018 la Fundaci\u00f3n Universitaria Cat\u00f3lica del Norte ha ofrecido a nuestros estudiantes de grado 10\u00b0 la posibilidad de cursar un programa t\u00e9cnico, se han tenido los siguientes grupos:\n<ul>\n<li>T\u00e9cnico en Auxiliar contable y financiero. 14 de abril a 17 de noviembre 2018.<\/li>\n<li>T\u00e9cnico en procesos administrativos.\u00a014 de abril a 17 de noviembre 2018.<\/li>\n<\/ul>\n<\/li>\n<li><strong>Emergencia COVID 2020 &#8211;\u00a0<\/strong>Capacitaci\u00f3n de todos los docentes de la Instituci\u00f3n en la implementaci\u00f3n de cursos en plataforma Moodle. Elaboraci\u00f3n de recursos educativos para la capacitaci\u00f3n de los estudiantes.<\/li>\n<li><strong>Semillero TeamIT 2022:<\/strong> durante el a\u00f1o 2022 se implement\u00f3 semillero en desarrollo de software con estudiantes de grado 8\u00b0 y 9\u00b0.<\/li>\n<\/ol>\n<p>&nbsp;<\/p>\n<p>Juan Carlos Monsalve G<br \/>\nCoordinador Acad\u00e9mico<\/p>\n","protected":false},"excerpt":{"rendered":"<p>Reforma al sistema institucional de evaluaci\u00f3n (2016)\u00a0Se logr\u00f3 consolidar un documento que responde a las exigencias legales, adem\u00e1s se trabaj\u00f3 en la resignificaci\u00f3n del espacio denominado anteriormente como alerta acad\u00e9mica, ahora llamado alerta formativa con todas las implicaciones que esto tiene. Durante este proceso se trabaj\u00f3 de manera muy fuerte en la reflexi\u00f3n sobre el [&hellip;]<\/p>\n","protected":false},"author":2,"featured_media":0,"parent":0,"menu_order":0,"comment_status":"closed","ping_status":"closed","template":"","meta":{"footnotes":""},"class_list":["post-1574","page","type-page","status-publish","hentry"],"_links":{"self":[{"href":"https:\/\/iemarcotobon.edu.co\/web\/wp-json\/wp\/v2\/pages\/1574","targetHints":{"allow":["GET"]}}],"collection":[{"href":"https:\/\/iemarcotobon.edu.co\/web\/wp-json\/wp\/v2\/pages"}],"about":[{"href":"https:\/\/iemarcotobon.edu.co\/web\/wp-json\/wp\/v2\/types\/page"}],"author":[{"embeddable":true,"href":"https:\/\/iemarcotobon.edu.co\/web\/wp-json\/wp\/v2\/users\/2"}],"replies":[{"embeddable":true,"href":"https:\/\/iemarcotobon.edu.co\/web\/wp-json\/wp\/v2\/comments?post=1574"}],"version-history":[{"count":14,"href":"https:\/\/iemarcotobon.edu.co\/web\/wp-json\/wp\/v2\/pages\/1574\/revisions"}],"predecessor-version":[{"id":4224,"href":"https:\/\/iemarcotobon.edu.co\/web\/wp-json\/wp\/v2\/pages\/1574\/revisions\/4224"}],"wp:attachment":[{"href":"https:\/\/iemarcotobon.edu.co\/web\/wp-json\/wp\/v2\/media?parent=1574"}],"curies":[{"name":"wp","href":"https:\/\/api.w.org\/{rel}","templated":true}]}}